{"id":11591,"date":"2025-10-18T14:56:00","date_gmt":"2025-10-18T17:56:00","guid":{"rendered":"https:\/\/p3.rvinfo.com.br\/evento\/cafe-da-manha-um-dialogo-sobre-os-efeitos-da-lei-do-superendividamento\/"},"modified":"2025-10-20T20:51:01","modified_gmt":"2025-10-20T23:51:01","slug":"cafe-da-manha-um-dialogo-sobre-os-efeitos-da-lei-do-superendividamento","status":"publish","type":"tribe_events","link":"https:\/\/p3.rvinfo.com.br\/en\/evento\/cafe-da-manha-um-dialogo-sobre-os-efeitos-da-lei-do-superendividamento\/","title":{"rendered":"Caf\u00e9 da Manh\u00e3 &#8211; Um di\u00e1logo sobre os efeitos da Lei do Superendividamento"},"content":{"rendered":"<p>Vagas limitadas.<br \/>\nHora: das 09h00 \u00e0s 10h30 Tipo de evento: Caf\u00e9 (ONLINE) Titulo: Um di\u00e1logo sobre os efeitos da Lei do Superendividamento Moderador: Gabriel de Orleans e Bragan\u00e7a, S\u00f3cio SOB Advogados<br \/>\nDebatedores: Anna Carolina Amaral, Gerente Executivo Juridico Serasa Experian Exmo. Moacyr Lobato, Desembargador do Tribunal de Justi\u00e7a do Estado de Minas Gerais Teresa Cristina Athayde Marcondes, Diretora Jur\u00eddico Contencioso C\u00edvel Ita\u00fa Unibanco Exma. Renata Mota Maciel, Ju\u00edza 2\u00aa Vara Empresarial e de Conflitos de Arbitragem da Capital do Estado de S\u00e3o Paulo<br \/>\nRelatoria: Eduardo Ruiz, Diretor AJ Ruiz Administra\u00e7\u00e3o Judicial<br \/>\ntma.atende@tmabrasil.org +55 11 3468-0110<br \/>\nDe segunda \u00e0 sexta-feira das 09h00 \u00e0s 17h00<\/p>","protected":false},"excerpt":{"rendered":"<p>Vagas limitadas. Hora: das 09h00 \u00e0s 10h30 Tipo de evento: Caf\u00e9 (ONLINE) Titulo: Um di\u00e1logo sobre os efeitos da Lei do Superendividamento Moderador: Gabriel de Orleans e Bragan\u00e7a, S\u00f3cio SOB [&hellip;]<\/p>\n","protected":false},"author":2216,"featured_media":11764,"template":"","meta":{"_acf_changed":false,"episode_type":"","audio_file":"","podmotor_file_id":"","podmotor_episode_id":"","cover_image":"","cover_image_id":"","duration":"","filesize":"","filesize_raw":"","date_recorded":"","explicit":"","block":"","itunes_episode_number":"","itunes_title":"","itunes_season_number":"","itunes_episode_type":"","_tribe_events_status":"","_tribe_events_status_reason":"","footnotes":""},"tags":[],"tribe_events_cat":[],"class_list":["post-11591","tribe_events","type-tribe_events","status-publish","has-post-thumbnail","hentry"],"acf":[],"_links":{"self":[{"href":"https:\/\/p3.rvinfo.com.br\/en\/wp-json\/wp\/v2\/tribe_events\/11591","targetHints":{"allow":["GET"]}}],"collection":[{"href":"https:\/\/p3.rvinfo.com.br\/en\/wp-json\/wp\/v2\/tribe_events"}],"about":[{"href":"https:\/\/p3.rvinfo.com.br\/en\/wp-json\/wp\/v2\/types\/tribe_events"}],"author":[{"embeddable":true,"href":"https:\/\/p3.rvinfo.com.br\/en\/wp-json\/wp\/v2\/users\/2216"}],"version-history":[{"count":1,"href":"https:\/\/p3.rvinfo.com.br\/en\/wp-json\/wp\/v2\/tribe_events\/11591\/revisions"}],"predecessor-version":[{"id":12228,"href":"https:\/\/p3.rvinfo.com.br\/en\/wp-json\/wp\/v2\/tribe_events\/11591\/revisions\/12228"}],"wp:featuredmedia":[{"embeddable":true,"href":"https:\/\/p3.rvinfo.com.br\/en\/wp-json\/wp\/v2\/media\/11764"}],"wp:attachment":[{"href":"https:\/\/p3.rvinfo.com.br\/en\/wp-json\/wp\/v2\/media?parent=11591"}],"wp:term":[{"taxonomy":"post_tag","embeddable":true,"href":"https:\/\/p3.rvinfo.com.br\/en\/wp-json\/wp\/v2\/tags?post=11591"},{"taxonomy":"tribe_events_cat","embeddable":true,"href":"https:\/\/p3.rvinfo.com.br\/en\/wp-json\/wp\/v2\/tribe_events_cat?post=11591"}],"curies":[{"name":"wp","href":"https:\/\/api.w.org\/{rel}","templated":true}]}}